{"id":1013,"date":"2018-12-10T15:24:30","date_gmt":"2018-12-10T14:24:30","guid":{"rendered":"http:\/\/media-liquid.de\/?page_id=1013"},"modified":"2022-09-22T16:30:30","modified_gmt":"2022-09-22T14:30:30","slug":"publikationen","status":"publish","type":"page","link":"https:\/\/media-liquid.de\/?page_id=1013","title":{"rendered":"Publikationen"},"content":{"rendered":"\n<p>Texte \u00fcber NFTs und Digitales Kuratieren in Katalogen von Tim Cierpiszewski, 2022<\/p>\n\n\n\n<p>&#8211; &#8211; &#8211; &#8211; &#8211; &#8211; &#8211; &#8211; &#8211; &#8211; &#8211; &#8211; &#8211; &#8211; &#8211; &#8211; &#8211; &#8211; &#8211; &#8211; &#8211; &#8211; &#8211; &#8211; &#8211; &#8211; &#8211; &#8211; &#8211; &#8211; &#8211; &#8211; &#8211;&nbsp;<\/p>\n\n\n\n<h1 class=\"wp-block-heading\">Narrow Spaces<\/h1>\n\n\n\n<p>Katalogtext zur Ausstellung<\/p>\n\n\n\n<figure class=\"wp-block-image size-large is-resized\"><a href=\"http:\/\/media-liquid.de\/wp-content\/uploads\/2022\/08\/20-10-12_Narrow-Spaces-scaled.jpg\" rel=\"lightbox[1013]\"><img loading=\"lazy\" decoding=\"async\" src=\"http:\/\/media-liquid.de\/wp-content\/uploads\/2022\/08\/20-10-12_Narrow-Spaces-1024x858.jpg\" alt=\"\" class=\"wp-image-1555\" width=\"512\" height=\"429\" srcset=\"https:\/\/media-liquid.de\/wp-content\/uploads\/2022\/08\/20-10-12_Narrow-Spaces-1024x858.jpg 1024w, https:\/\/media-liquid.de\/wp-content\/uploads\/2022\/08\/20-10-12_Narrow-Spaces-300x252.jpg 300w, https:\/\/media-liquid.de\/wp-content\/uploads\/2022\/08\/20-10-12_Narrow-Spaces-768x644.jpg 768w, https:\/\/media-liquid.de\/wp-content\/uploads\/2022\/08\/20-10-12_Narrow-Spaces-1536x1288.jpg 1536w, https:\/\/media-liquid.de\/wp-content\/uploads\/2022\/08\/20-10-12_Narrow-Spaces-2048x1717.jpg 2048w\" sizes=\"auto, (max-width: 512px) 100vw, 512px\" \/><\/a><\/figure>\n\n\n\n<p>26 Seiten<br>Hochformat<br>Deutsch<\/p>\n\n\n\n<p>Kunsthaus Haven, Oberhausen, 2020<\/p>\n\n\n\n<p>Herausgeber: CITY OF GOLD, Altenessener Stra\u00dfe 77, 45141 Essen<\/p>\n\n\n\n<p>&#8211; &#8211; &#8211; &#8211; &#8211; &#8211; &#8211; &#8211; &#8211; &#8211; &#8211; &#8211; &#8211; &#8211; &#8211; &#8211; &#8211; &#8211; &#8211; &#8211; &#8211; &#8211; &#8211; &#8211; &#8211; &#8211; &#8211; &#8211; &#8211; &#8211; &#8211; &#8211; &#8211;&nbsp;<\/p>\n\n\n\n<figure class=\"wp-block-image size-medium\"><a href=\"http:\/\/media-liquid.de\/wp-content\/uploads\/2021\/09\/Erwin-Wortelkamp-Eisenwerke-Denis-Bury-scaled.jpg\" rel=\"lightbox[1013]\"><img loading=\"lazy\" decoding=\"async\" width=\"233\" height=\"300\" src=\"http:\/\/media-liquid.de\/wp-content\/uploads\/2021\/09\/Erwin-Wortelkamp-Eisenwerke-Denis-Bury-233x300.jpg\" alt=\"\" class=\"wp-image-1363\" srcset=\"https:\/\/media-liquid.de\/wp-content\/uploads\/2021\/09\/Erwin-Wortelkamp-Eisenwerke-Denis-Bury-233x300.jpg 233w, https:\/\/media-liquid.de\/wp-content\/uploads\/2021\/09\/Erwin-Wortelkamp-Eisenwerke-Denis-Bury-797x1024.jpg 797w, https:\/\/media-liquid.de\/wp-content\/uploads\/2021\/09\/Erwin-Wortelkamp-Eisenwerke-Denis-Bury-768x987.jpg 768w, https:\/\/media-liquid.de\/wp-content\/uploads\/2021\/09\/Erwin-Wortelkamp-Eisenwerke-Denis-Bury-1195x1536.jpg 1195w, https:\/\/media-liquid.de\/wp-content\/uploads\/2021\/09\/Erwin-Wortelkamp-Eisenwerke-Denis-Bury-1593x2048.jpg 1593w, https:\/\/media-liquid.de\/wp-content\/uploads\/2021\/09\/Erwin-Wortelkamp-Eisenwerke-Denis-Bury-scaled.jpg 1991w\" sizes=\"auto, (max-width: 233px) 100vw, 233px\" \/><\/a><\/figure>\n\n\n\n<h1 class=\"wp-block-heading\">Eisenwerke<\/h1>\n\n\n\n<p>Erwin Wortelkamp<\/p>\n\n\n\n<p>66 Seiten<br>21 x 27 cm, 92 Abb.<br>Deutsch<\/p>\n\n\n\n<p>Katalog anl\u00e4\u00dflich der gleichnamigen Ausstellung im Kulturwerk Wissen, 2021<\/p>\n\n\n\n<ul class=\"wp-block-list\"><li>Fotografie<\/li><\/ul>\n\n\n\n<p><\/p>\n\n\n\n<p>&#8211; &#8211; &#8211; &#8211; &#8211; &#8211; &#8211; &#8211; &#8211; &#8211; &#8211; &#8211; &#8211; &#8211; &#8211; &#8211; &#8211; &#8211; &#8211; &#8211; &#8211; &#8211; &#8211; &#8211; &#8211; &#8211; &#8211; &#8211; &#8211; &#8211; &#8211; &#8211; &#8211;&nbsp;<\/p>\n\n\n\n<figure class=\"wp-block-image size-medium\"><a href=\"http:\/\/media-liquid.de\/wp-content\/uploads\/2021\/09\/Erwin-Wortelkamp-hier-und-dort-987-3-89770-553-1-scaled.jpg\" rel=\"lightbox[1013]\"><img loading=\"lazy\" decoding=\"async\" width=\"211\" height=\"300\" src=\"http:\/\/media-liquid.de\/wp-content\/uploads\/2021\/09\/Erwin-Wortelkamp-hier-und-dort-987-3-89770-553-1-211x300.jpg\" alt=\"\" class=\"wp-image-1376\" srcset=\"https:\/\/media-liquid.de\/wp-content\/uploads\/2021\/09\/Erwin-Wortelkamp-hier-und-dort-987-3-89770-553-1-211x300.jpg 211w, https:\/\/media-liquid.de\/wp-content\/uploads\/2021\/09\/Erwin-Wortelkamp-hier-und-dort-987-3-89770-553-1-721x1024.jpg 721w, https:\/\/media-liquid.de\/wp-content\/uploads\/2021\/09\/Erwin-Wortelkamp-hier-und-dort-987-3-89770-553-1-768x1091.jpg 768w, https:\/\/media-liquid.de\/wp-content\/uploads\/2021\/09\/Erwin-Wortelkamp-hier-und-dort-987-3-89770-553-1-1081x1536.jpg 1081w, https:\/\/media-liquid.de\/wp-content\/uploads\/2021\/09\/Erwin-Wortelkamp-hier-und-dort-987-3-89770-553-1-1441x2048.jpg 1441w, https:\/\/media-liquid.de\/wp-content\/uploads\/2021\/09\/Erwin-Wortelkamp-hier-und-dort-987-3-89770-553-1-scaled.jpg 1801w\" sizes=\"auto, (max-width: 211px) 100vw, 211px\" \/><\/a><\/figure>\n\n\n\n<p>im Tal &#8211; Stiftung Wortelkamp<\/p>\n\n\n\n<h1 class=\"wp-block-heading\">Erwin Wortelkamp<\/h1>\n\n\n\n<p>&#8222;Kunst tr\u00e4gt sich und uns&#8220;<\/p>\n\n\n\n<p><\/p>\n\n\n\n<p>192 Seiten<br>16,5 x 23,5 cm, durchgehend farbig illustriert, gr\u00f6\u00dftenteils ganzseitig, Broschur mit farbigem Umschlag<br>Deutsch<br>ISBN 978-3-89770-553-1<\/p>\n\n\n\n<ul class=\"wp-block-list\"><li>Fotografie<\/li><\/ul>\n\n\n\n<p>&#8211; &#8211; &#8211; &#8211; &#8211; &#8211; &#8211; &#8211; &#8211; &#8211; &#8211; &#8211; &#8211; &#8211; &#8211; &#8211; &#8211; &#8211; &#8211; &#8211; &#8211; &#8211; &#8211; &#8211; &#8211; &#8211; &#8211; &#8211; &#8211; &#8211; &#8211; &#8211; &#8211;&nbsp;<\/p>\n\n\n\n<figure class=\"wp-block-image size-medium\"><a href=\"http:\/\/media-liquid.de\/wp-content\/uploads\/2021\/09\/Gisela-Engel-JahnYoung-Jae-Lee-Das-Gruen-in-den-Schalen.jpg\" rel=\"lightbox[1013]\"><img loading=\"lazy\" decoding=\"async\" width=\"236\" height=\"300\" src=\"http:\/\/media-liquid.de\/wp-content\/uploads\/2021\/09\/Gisela-Engel-JahnYoung-Jae-Lee-Das-Gruen-in-den-Schalen-236x300.jpg\" alt=\"\" class=\"wp-image-1367\" srcset=\"https:\/\/media-liquid.de\/wp-content\/uploads\/2021\/09\/Gisela-Engel-JahnYoung-Jae-Lee-Das-Gruen-in-den-Schalen-236x300.jpg 236w, https:\/\/media-liquid.de\/wp-content\/uploads\/2021\/09\/Gisela-Engel-JahnYoung-Jae-Lee-Das-Gruen-in-den-Schalen.jpg 300w\" sizes=\"auto, (max-width: 236px) 100vw, 236px\" \/><\/a><\/figure>\n\n\n\n<p>Gisela Jahn, Nadine Engel, Museum Folkwang Essen (Hg.)<\/p>\n\n\n\n<h1 class=\"wp-block-heading\">YOUNG-JAE LEE<\/h1>\n\n\n\n<p>Das Gr\u00fcn in den Schalen<\/p>\n\n\n\n<p>120 Seiten<br>16,5 \u00d7 21 cm, 60 Abb. Schweizer Broschur.<br>Deutsch<br>ISBN&nbsp;978-3-89790-605-1<\/p>\n\n\n\n<p>Seit 2008 dreht die Leiterin der Keramischen Werkstatt Margaretenh\u00f6he Young-Jae Lee (geb. 1951)&nbsp;<em>Spinatschalen<\/em>&nbsp;\u2013 bauchige Gef\u00e4\u00dfe auf simplen Standringen, deren vielf\u00e4ltige Glasuren den \u00e4sthetischen Reiz dieser kraftvollen Kummen ausmacht. Hinter dem Purismus ihrer Form offenbaren Lees Schalen eine tiefgreifende Geschichte, die \u00fcber die japanische Teeschale zur\u00fcck zu koreanischen Gef\u00e4\u00dfen der Goryeo-Dynastie (918\u20131392) f\u00fchrt. Weit mehr als nur die Genese der Spinatschalen erschlie\u00dft diese Publikation ein St\u00fcck Keramikgeschichte. Sie verhandelt die komplexen historischen und kulturellen Verflechtungen zwischen Japan und Korea, vor deren Hintergrund die Teeschale entsteht, und stellt am Beispiel des Museum Folkwang die deutsche Rezeption ostasiatischer Gef\u00e4\u00dfkeramik zu Beginn des 20. Jahrhunderts dar.<\/p>\n\n\n\n<ul class=\"wp-block-list\"><li>Fotografie<\/li><\/ul>\n\n\n\n<p>&#8211; &#8211; &#8211; &#8211; &#8211; &#8211; &#8211; &#8211; &#8211; &#8211; &#8211; &#8211; &#8211; &#8211; &#8211; &#8211; &#8211; &#8211; &#8211; &#8211; &#8211; &#8211; &#8211; &#8211; &#8211; &#8211; &#8211; &#8211; &#8211; &#8211; &#8211; &#8211; &#8211;&nbsp;<\/p>\n\n\n\n<figure class=\"wp-block-image size-medium\"><img loading=\"lazy\" decoding=\"async\" width=\"212\" height=\"300\" src=\"http:\/\/media-liquid.de\/wp-content\/uploads\/2020\/01\/Laocoon-212x300.jpg\" alt=\"\" class=\"wp-image-1212\" srcset=\"https:\/\/media-liquid.de\/wp-content\/uploads\/2020\/01\/Laocoon-212x300.jpg 212w, https:\/\/media-liquid.de\/wp-content\/uploads\/2020\/01\/Laocoon.jpg 500w\" sizes=\"auto, (max-width: 212px) 100vw, 212px\" \/><\/figure>\n\n\n\n<h2 class=\"wp-block-heading\">Laocoon<\/h2>\n\n\n\n<p>ISBN 978-3-926538-77-2<\/p>\n\n\n\n<p>Anl\u00e4\u00dflich der Performance Laocoon von Ren\u00e9 Haustein Inga Kr\u00fcger, Paul Schwer zum Projekt Stadtbesetzung des Kultursekretariats NRW G\u00fctersloh, Museum Ratingen, 2020<\/p>\n\n\n\n<ul class=\"wp-block-list\"><li>Grafik<\/li><\/ul>\n\n\n\n<p>&#8211; &#8211; &#8211; &#8211; &#8211; &#8211; &#8211; &#8211; &#8211; &#8211; &#8211; &#8211; &#8211; &#8211; &#8211; &#8211; &#8211; &#8211; &#8211; &#8211; &#8211; &#8211; &#8211; &#8211; &#8211; &#8211; &#8211; &#8211; &#8211; &#8211; &#8211; &#8211; &#8211;&nbsp;<\/p>\n\n\n\n<figure class=\"wp-block-image size-large is-resized\"><img loading=\"lazy\" decoding=\"async\" src=\"http:\/\/media-liquid.de\/wp-content\/uploads\/2020\/01\/Cover-Beziehungsweisen-1024x1024.jpg\" alt=\"Katalogcover Beziehungsweisen\" class=\"wp-image-1262\" width=\"256\" height=\"300\"\/><\/figure>\n\n\n\n<p>Denis Bury (Hg.)<\/p>\n\n\n\n<h2 class=\"wp-block-heading\">beziehungsweisen<\/h2>\n\n\n\n<p>Katalog zur Ausstellung mit Andreas Golinski, Franka H\u00f6rnschemeyer, Hans-Dirk Hotzel, Schirin Kretschmann, marie wolfgang \u2013 Werkstatt und Praxis zeitgen\u00f6ssischer Kunst, Essen, 2020.<\/p>\n\n\n\n<p><\/p>\n\n\n\n<ul class=\"wp-block-list\"><li>Herausgeber, Text, Fotografie, Grafik<\/li><li><a rel=\"noreferrer noopener\" aria-label=\"-> download PDF (\u00f6ffnet in neuem Tab)&#8220; href=&#8220;http:\/\/marie-wolfgang.de\/publikationen\/&#8220; target=&#8220;_blank&#8220;>download PDF<\/a><\/li><\/ul>\n\n\n\n<p><\/p>\n\n\n\n<p>&#8211; &#8211; &#8211; &#8211; &#8211; &#8211; &#8211; &#8211; &#8211; &#8211; &#8211; &#8211; &#8211; &#8211; &#8211; &#8211; &#8211; &#8211; &#8211; &#8211; &#8211; &#8211; &#8211; &#8211; &#8211; &#8211; &#8211; &#8211; &#8211; &#8211; &#8211; &#8211; &#8211;&nbsp;<\/p>\n\n\n\n<p><\/p>\n\n\n\n<figure class=\"wp-block-image\"><img loading=\"lazy\" decoding=\"async\" width=\"225\" height=\"300\" src=\"http:\/\/media-liquid.de\/wp-content\/uploads\/2018\/12\/Paul_Schwer-225x300.jpg\" alt=\"\" class=\"wp-image-1014\" srcset=\"https:\/\/media-liquid.de\/wp-content\/uploads\/2018\/12\/Paul_Schwer-225x300.jpg 225w, https:\/\/media-liquid.de\/wp-content\/uploads\/2018\/12\/Paul_Schwer-768x1024.jpg 768w\" sizes=\"auto, (max-width: 225px) 100vw, 225px\" \/><\/figure>\n\n\n\n<p>Denis Bury (Hg.)<\/p>\n\n\n\n<h2 class=\"wp-block-heading\">s\u00e4gen bohren f\u00f6hnen<\/h2>\n\n\n\n<p>Katalog zur Ausstellung von Paul Schwer, marie wolfgang, Essen, 2017, ISBN 978-3-748529-15-6<\/p>\n\n\n\n<ul class=\"wp-block-list\"><li>Herausgeber, Text, Fotografie, Grafik<\/li><li><a rel=\"noreferrer noopener\" aria-label=\"Herausgeber, Text, Fotografie, Grafik\u2028download PDF (\u00f6ffnet in neuem Tab)\" href=\"http:\/\/www.marie-wolfgang.de\/download\/Paul-Schwer.pdf\" target=\"_blank\">download PDF<\/a><\/li><li><a href=\"https:\/\/www.epubli.de\/shop\/buch\/Paul-Schwer-s\u00e4gen-bohren-f\u00f6hnen-Denis-Bury-9783748529156\/85331#beschreibung\" target=\"_blank\" rel=\"noreferrer noopener\" aria-label=\"bestellen (\u00f6ffnet in neuem Tab)\">bestellen<\/a><\/li><\/ul>\n\n\n\n<p>&#8211; &#8211; &#8211; &#8211; &#8211; &#8211; &#8211; &#8211; &#8211; &#8211; &#8211; &#8211; &#8211; &#8211; &#8211; &#8211; &#8211; &#8211; &#8211; &#8211; &#8211; &#8211; &#8211; &#8211; &#8211; &#8211; &#8211; &#8211; &#8211; &#8211; &#8211; &#8211; &#8211;&nbsp;<\/p>\n\n\n\n<figure class=\"wp-block-image\"><img loading=\"lazy\" decoding=\"async\" width=\"214\" height=\"300\" src=\"http:\/\/media-liquid.de\/wp-content\/uploads\/2015\/03\/absprung-214x300.jpg\" alt=\"\" class=\"wp-image-81\" srcset=\"https:\/\/media-liquid.de\/wp-content\/uploads\/2015\/03\/absprung-214x300.jpg 214w, https:\/\/media-liquid.de\/wp-content\/uploads\/2015\/03\/absprung.jpg 700w\" sizes=\"auto, (max-width: 214px) 100vw, 214px\" \/><\/figure>\n\n\n\n<p>Denis Bury (Hg.)<\/p>\n\n\n\n<h2 class=\"wp-block-heading\">absprung<\/h2>\n\n\n\n<p>Katalog zur Ausstellung, marie wolfgang, Essen, 2015<\/p>\n\n\n\n<ul class=\"wp-block-list\"><li>Herausgeber, Text, Fotografie, Gestaltung<\/li><li><a href=\"http:\/\/www.marie-wolfgang.de\/download\/absprung.epub\" target=\"_blank\" rel=\"noreferrer noopener\" aria-label=\"Herausgeber, Text, Fotografie, Gestaltung\u2028download PDF (\u00f6ffnet in neuem Tab)\">download PDF<\/a><\/li><\/ul>\n\n\n\n<p>&#8211; &#8211; &#8211; &#8211; &#8211; &#8211; &#8211; &#8211; &#8211; &#8211; &#8211; &#8211; &#8211; &#8211; &#8211; &#8211; &#8211; &#8211; &#8211; &#8211; &#8211; &#8211; &#8211; &#8211; &#8211; &#8211; &#8211; &#8211; &#8211; &#8211; &#8211; &#8211; &#8211;&nbsp;<\/p>\n\n\n\n<figure class=\"wp-block-image\"><img loading=\"lazy\" decoding=\"async\" width=\"212\" height=\"300\" src=\"http:\/\/media-liquid.de\/wp-content\/uploads\/2018\/12\/HEIKE-KATI-BARATH-K\u00dcNSTLERBUCH-Nun-gut-wer-212x300.jpg\" alt=\"\" class=\"wp-image-1018\" srcset=\"https:\/\/media-liquid.de\/wp-content\/uploads\/2018\/12\/HEIKE-KATI-BARATH-K\u00dcNSTLERBUCH-Nun-gut-wer-212x300.jpg 212w, https:\/\/media-liquid.de\/wp-content\/uploads\/2018\/12\/HEIKE-KATI-BARATH-K\u00dcNSTLERBUCH-Nun-gut-wer.jpg 283w\" sizes=\"auto, (max-width: 212px) 100vw, 212px\" \/><\/figure>\n\n\n\n<p>Heike Kati Barath <em>Nun gut, wer bist Du denn?<\/em>,&nbsp;K\u00fcnstlerbuch zur Ausstellung St\u00e4dtische Galerie Delmenhorst, herausgegeben von Heike Kati Barath und Gundolf Roy, Siebdruck, 2014<\/p>\n\n\n\n<ul class=\"wp-block-list\"><li>Grafikdesign<\/li><\/ul>\n\n\n\n<p>&#8211; &#8211; &#8211; &#8211; &#8211; &#8211; &#8211; &#8211; &#8211; &#8211; &#8211; &#8211; &#8211; &#8211; &#8211; &#8211; &#8211; &#8211; &#8211; &#8211; &#8211; &#8211; &#8211; &#8211; &#8211; &#8211; &#8211; &#8211; &#8211; &#8211; &#8211; &#8211; &#8211;&nbsp;<\/p>\n\n\n\n<figure class=\"wp-block-image\"><img loading=\"lazy\" decoding=\"async\" width=\"300\" height=\"219\" src=\"http:\/\/media-liquid.de\/wp-content\/uploads\/2018\/12\/Golinski_Asche-300x219.png\" alt=\"\" class=\"wp-image-1043\" srcset=\"https:\/\/media-liquid.de\/wp-content\/uploads\/2018\/12\/Golinski_Asche-300x219.png 300w, https:\/\/media-liquid.de\/wp-content\/uploads\/2018\/12\/Golinski_Asche.png 730w\" sizes=\"auto, (max-width: 300px) 100vw, 300px\" \/><\/figure>\n\n\n\n<p>Andreas Golinski <em>ASCHE<\/em>, Publikumszeitung zur Ausstellung, Museum Folkwang, 2014<\/p>\n\n\n\n<ul class=\"wp-block-list\"><li>Kurator der Ausstellung<\/li><li>Text<\/li><li><a rel=\"noreferrer noopener\" aria-label=\"Text\u2028Kurator der Ausstellung\u2028https:\/\/www.museum-folkwang.de\/fr\/aktuelles\/ausstellungen\/archiv\/golinski-asche.html (\u00f6ffnet in neuem Tab)\" href=\"https:\/\/www.museum-folkwang.de\/fr\/aktuelles\/ausstellungen\/archiv\/golinski-asche.html\" target=\"_blank\">https:\/\/www.museum-folkwang.de\/fr\/aktuelles\/ausstellungen\/archiv\/golinski-asche.html<\/a><\/li><\/ul>\n\n\n\n<p>&#8211; &#8211; &#8211; &#8211; &#8211; &#8211; &#8211; &#8211; &#8211; &#8211; &#8211; &#8211; &#8211; &#8211; &#8211; &#8211; &#8211; &#8211; &#8211; &#8211; &#8211; &#8211; &#8211; &#8211; &#8211; &#8211; &#8211; &#8211; &#8211; &#8211; &#8211; &#8211; &#8211;&nbsp;<\/p>\n\n\n\n<figure class=\"wp-block-image\"><img loading=\"lazy\" decoding=\"async\" width=\"225\" height=\"300\" src=\"http:\/\/media-liquid.de\/wp-content\/uploads\/2018\/12\/Buchweizenpfannkuchen_Melitta_Zeich-1-225x300.jpg\" alt=\"\" class=\"wp-image-1049\" srcset=\"https:\/\/media-liquid.de\/wp-content\/uploads\/2018\/12\/Buchweizenpfannkuchen_Melitta_Zeich-1-225x300.jpg 225w, https:\/\/media-liquid.de\/wp-content\/uploads\/2018\/12\/Buchweizenpfannkuchen_Melitta_Zeich-1-768x1024.jpg 768w\" sizes=\"auto, (max-width: 225px) 100vw, 225px\" \/><\/figure>\n\n\n\n<p><em>BUCHWEIZENPFANNKUCHEN<\/em> Melittas Erinnerungen, 152 Seiten, Hardcover, 2014<\/p>\n\n\n\n<ul class=\"wp-block-list\"><li>Typografie und Gestaltung<\/li><\/ul>\n\n\n\n<p>&#8211; &#8211; &#8211; &#8211; &#8211; &#8211; &#8211; &#8211; &#8211; &#8211; &#8211; &#8211; &#8211; &#8211; &#8211; &#8211; &#8211; &#8211; &#8211; &#8211; &#8211; &#8211; &#8211; &#8211; &#8211; &#8211; &#8211; &#8211; &#8211; &#8211; &#8211; &#8211; &#8211;&nbsp;<\/p>\n\n\n\n<figure class=\"wp-block-image\"><img loading=\"lazy\" decoding=\"async\" width=\"220\" height=\"300\" src=\"http:\/\/media-liquid.de\/wp-content\/uploads\/2018\/12\/nur-was-nicht-ist-ist-moeglich-malerei-im-raum-220x300.jpg\" alt=\"\" class=\"wp-image-1025\" srcset=\"https:\/\/media-liquid.de\/wp-content\/uploads\/2018\/12\/nur-was-nicht-ist-ist-moeglich-malerei-im-raum-220x300.jpg 220w, https:\/\/media-liquid.de\/wp-content\/uploads\/2018\/12\/nur-was-nicht-ist-ist-moeglich-malerei-im-raum.jpg 474w\" sizes=\"auto, (max-width: 220px) 100vw, 220px\" \/><\/figure>\n\n\n\n<p><em>Nur was nicht ist ist m\u00f6glich<\/em>, Katalog zur Ausstellung, Museum Folkwang, 2013,&nbsp;ISBN 978\u20133\u201386930\u2013682\u20137<\/p>\n\n\n\n<ul class=\"wp-block-list\"><li>Herausgeber zusammen mit Dr. Marcel Schumacher, Texte<\/li><li><a href=\"https:\/\/www.museum-folkwang.de\/de\/aktuelles\/ausstellungen\/archiv\/nur-was-nicht-ist-ist-moeglich.html\">www.museum-folkwang.de\/de\/aktuelles\/ausstellungen\/archiv\/nur-was-nicht-ist-ist-moeglich.html<\/a><\/li><\/ul>\n\n\n\n<p>&#8211; &#8211; &#8211; &#8211; &#8211; &#8211; &#8211; &#8211; &#8211; &#8211; &#8211; &#8211; &#8211; &#8211; &#8211; &#8211; &#8211; &#8211; &#8211; &#8211; &#8211; &#8211; &#8211; &#8211; &#8211; &#8211; &#8211; &#8211; &#8211; &#8211; &#8211; &#8211; &#8211;&nbsp;<\/p>\n\n\n\n<figure class=\"wp-block-image\"><img loading=\"lazy\" decoding=\"async\" width=\"212\" height=\"300\" src=\"http:\/\/media-liquid.de\/wp-content\/uploads\/2018\/12\/Museumskunde_2013-212x300.jpg\" alt=\"\" class=\"wp-image-1041\" srcset=\"https:\/\/media-liquid.de\/wp-content\/uploads\/2018\/12\/Museumskunde_2013-212x300.jpg 212w, https:\/\/media-liquid.de\/wp-content\/uploads\/2018\/12\/Museumskunde_2013.jpg 500w\" sizes=\"auto, (max-width: 212px) 100vw, 212px\" \/><\/figure>\n\n\n\n<p>Museumskunde 1\/2013, Deutscher Museumsbund<\/p>\n\n\n\n<ul class=\"wp-block-list\"><li>Fotografie Titelbild<\/li><li><a href=\"https:\/\/www.museumsbund.de\/publikationen\/museen-im-politischen-raum\/\" target=\"_blank\" rel=\"noreferrer noopener\" aria-label=\"Fotografie Titelbild\u2028https:\/\/www.museumsbund.de\/publikationen\/museen-im-politischen-raum\/ (\u00f6ffnet in neuem Tab)\">https:\/\/www.museumsbund.de\/publikationen\/museen-im-politischen-raum\/<\/a><\/li><\/ul>\n\n\n\n<p>&#8211; &#8211; &#8211; &#8211; &#8211; &#8211; &#8211; &#8211; &#8211; &#8211; &#8211; &#8211; &#8211; &#8211; &#8211; &#8211; &#8211; &#8211; &#8211; &#8211; &#8211; &#8211; &#8211; &#8211; &#8211; &#8211; &#8211; &#8211; &#8211; &#8211; &#8211; &#8211; &#8211;&nbsp;<\/p>\n\n\n\n<figure class=\"wp-block-image\"><img loading=\"lazy\" decoding=\"async\" width=\"225\" height=\"300\" src=\"http:\/\/media-liquid.de\/wp-content\/uploads\/2018\/12\/Denis_Bury_Immer_ist_Pr\u00e4sens-225x300.jpg\" alt=\"\" class=\"wp-image-1033\" srcset=\"https:\/\/media-liquid.de\/wp-content\/uploads\/2018\/12\/Denis_Bury_Immer_ist_Pr\u00e4sens-225x300.jpg 225w, https:\/\/media-liquid.de\/wp-content\/uploads\/2018\/12\/Denis_Bury_Immer_ist_Pr\u00e4sens-768x1024.jpg 768w\" sizes=\"auto, (max-width: 225px) 100vw, 225px\" \/><\/figure>\n\n\n\n<p>Denis Bury <em>Immer ist Pr\u00e4sens<\/em>, 56 Gedichte, 2013<\/p>\n\n\n\n<p>&#8211; &#8211; &#8211; &#8211; &#8211; &#8211; &#8211; &#8211; &#8211; &#8211; &#8211; &#8211; &#8211; &#8211; &#8211; &#8211; &#8211; &#8211; &#8211; &#8211; &#8211; &#8211; &#8211; &#8211; &#8211; &#8211; &#8211; &#8211; &#8211; &#8211; &#8211; &#8211; &#8211;&nbsp;<\/p>\n\n\n\n<figure class=\"wp-block-image\"><img loading=\"lazy\" decoding=\"async\" width=\"225\" height=\"300\" src=\"http:\/\/media-liquid.de\/wp-content\/uploads\/2018\/12\/one_and_more_chairs-225x300.jpg\" alt=\"\" class=\"wp-image-1016\" srcset=\"https:\/\/media-liquid.de\/wp-content\/uploads\/2018\/12\/one_and_more_chairs-225x300.jpg 225w, https:\/\/media-liquid.de\/wp-content\/uploads\/2018\/12\/one_and_more_chairs-768x1024.jpg 768w\" sizes=\"auto, (max-width: 225px) 100vw, 225px\" \/><\/figure>\n\n\n\n<p>ONE AND MORE CHAIRS, Katalog zur Ausstellung, Einraumhaus, Mannheim, 2012,&nbsp;ISBN 978-3-944128-41-2<\/p>\n\n\n\n<ul class=\"wp-block-list\"><li>Text, Fotografie<\/li><li><a href=\"http:\/\/einraumhaus.com\">http:\/\/einraumhaus.com<\/a><\/li><\/ul>\n\n\n\n<p>&#8211; &#8211; &#8211; &#8211; &#8211; &#8211; &#8211; &#8211; &#8211; &#8211; &#8211; &#8211; &#8211; &#8211; &#8211; &#8211; &#8211; &#8211; &#8211; &#8211; &#8211; &#8211; &#8211; &#8211; &#8211; &#8211; &#8211; &#8211; &#8211; &#8211; &#8211; &#8211; &#8211;&nbsp;<\/p>\n\n\n\n<figure class=\"wp-block-image\"><img loading=\"lazy\" decoding=\"async\" width=\"213\" height=\"300\" src=\"http:\/\/media-liquid.de\/wp-content\/uploads\/2018\/12\/Sie_sind_hier-213x300.jpg\" alt=\"\" class=\"wp-image-1031\" srcset=\"https:\/\/media-liquid.de\/wp-content\/uploads\/2018\/12\/Sie_sind_hier-213x300.jpg 213w, https:\/\/media-liquid.de\/wp-content\/uploads\/2018\/12\/Sie_sind_hier.jpg 354w\" sizes=\"auto, (max-width: 213px) 100vw, 213px\" \/><\/figure>\n\n\n\n<p>Heike Kati Barath <em>Sie sind hier<\/em>, Katalog zur Ausstellung, Museum Pfalzgalerie Kaiserslautern, ISBN 978-3894221720<\/p>\n\n\n\n<ul class=\"wp-block-list\"><li>Gestaltung &amp; Fotografie<\/li><li><a href=\"http:\/\/heikekatibarath.de\" target=\"_blank\" rel=\"noreferrer noopener\" aria-label=\"Gestaltung &amp; Fotografie\u2028http:\/\/heikekatibarath.de (\u00f6ffnet in neuem Tab)\">http:\/\/heikekatibarath.de<\/a><\/li><\/ul>\n\n\n\n<p>&#8211; &#8211; &#8211; &#8211; &#8211; &#8211; &#8211; &#8211; &#8211; &#8211; &#8211; &#8211; &#8211; &#8211; &#8211; &#8211; &#8211; &#8211; &#8211; &#8211; &#8211; &#8211; &#8211; &#8211; &#8211; &#8211; &#8211; &#8211; &#8211; &#8211; &#8211; &#8211; &#8211;&nbsp;<\/p>\n\n\n\n<figure class=\"wp-block-image\"><img loading=\"lazy\" decoding=\"async\" width=\"216\" height=\"300\" src=\"http:\/\/media-liquid.de\/wp-content\/uploads\/2018\/12\/Klaus_H\u00e4hner_Springm\u00fchl_England_ist_nicht_die_einzige_Insel_der_Welt-216x300.jpg\" alt=\"\" class=\"wp-image-1036\" srcset=\"https:\/\/media-liquid.de\/wp-content\/uploads\/2018\/12\/Klaus_H\u00e4hner_Springm\u00fchl_England_ist_nicht_die_einzige_Insel_der_Welt-216x300.jpg 216w, https:\/\/media-liquid.de\/wp-content\/uploads\/2018\/12\/Klaus_H\u00e4hner_Springm\u00fchl_England_ist_nicht_die_einzige_Insel_der_Welt.jpg 281w\" sizes=\"auto, (max-width: 216px) 100vw, 216px\" \/><\/figure>\n\n\n\n<p>Klaus H\u00e4hner Springm\u00fchl <em>England ist nicht die einzige Insel der Welt<\/em>, Katalog zur Ausstellung, d 21 Leipzig, 2010<\/p>\n\n\n\n<ul class=\"wp-block-list\"><li>Fotografie<\/li><li><a href=\"https:\/\/www.d21-leipzig.de\/archive\/index.php\/publikationen--\/katalog-england-ist-nicht-die-einzige-insel-der-welt-klaus-haehner-springmuehl.html\" target=\"_blank\" rel=\"noreferrer noopener\" aria-label=\"Fotografie\u2028https:\/\/www.d21-leipzig.de\/archive\/index.php\/publikationen--\/katalog-england-ist-nicht-die-einzige-insel-der-welt-klaus-haehner-springmuehl.html (\u00f6ffnet in neuem Tab)\">https:\/\/www.d21-leipzig.de\/archive\/index.php\/publikationen&#8211;\/katalog-england-ist-nicht-die-einzige-insel-der-welt-klaus-haehner-springmuehl.html<\/a><\/li><\/ul>\n\n\n\n<p>&#8211; &#8211; &#8211; &#8211; &#8211; &#8211; &#8211; &#8211; &#8211; &#8211; &#8211; &#8211; &#8211; &#8211; &#8211; &#8211; &#8211; &#8211; &#8211; &#8211; &#8211; &#8211; &#8211; &#8211; &#8211; &#8211; &#8211; &#8211; &#8211; &#8211; &#8211; &#8211; &#8211;&nbsp;<\/p>\n\n\n\n<figure class=\"wp-block-image\"><img loading=\"lazy\" decoding=\"async\" width=\"300\" height=\"300\" src=\"http:\/\/media-liquid.de\/wp-content\/uploads\/2018\/12\/schwarz_m\u00e4rkisches_museum_witten-300x300.jpg\" alt=\"\" class=\"wp-image-1028\" srcset=\"https:\/\/media-liquid.de\/wp-content\/uploads\/2018\/12\/schwarz_m\u00e4rkisches_museum_witten-300x300.jpg 300w, https:\/\/media-liquid.de\/wp-content\/uploads\/2018\/12\/schwarz_m\u00e4rkisches_museum_witten-150x150.jpg 150w, https:\/\/media-liquid.de\/wp-content\/uploads\/2018\/12\/schwarz_m\u00e4rkisches_museum_witten.jpg 500w\" sizes=\"auto, (max-width: 300px) 100vw, 300px\" \/><\/figure>\n\n\n\n<p><em>Schwarz<\/em>, Katalog zur Ausstellung, M\u00e4rkisches Museum Witten, 2010<\/p>\n\n\n\n<ul class=\"wp-block-list\"><li>Fotografie, Gestaltung<\/li><li><a href=\"http:\/\/media-liquid.de\/wp-content\/uploads\/2010\/09\/SCHWARZ.pdf\" target=\"_blank\" rel=\"noreferrer noopener\" aria-label=\"Fotografie, Gestaltung\u2028download PDF (\u00f6ffnet in neuem Tab)\">download PDF<\/a><\/li><\/ul>\n\n\n\n<p>&#8211; &#8211; &#8211; &#8211; &#8211; &#8211; &#8211; &#8211; &#8211; &#8211; &#8211; &#8211; &#8211; &#8211; &#8211; &#8211; &#8211; &#8211; &#8211; &#8211; &#8211; &#8211; &#8211; &#8211; &#8211; &#8211; &#8211; &#8211; &#8211; &#8211; &#8211; &#8211; &#8211;&nbsp;<\/p>\n\n\n\n<p>Weitere:<\/p>\n\n\n\n<ul class=\"wp-block-list\"><li>Paul Schwer&nbsp;<em>Von beiden Enden<\/em>, Katalog zu den Ausstellungen im Museum Goch und Museum Ratingen, Beratung Konzept und Assistenz, 2018, ISBN: 978-3864422621, 2018<\/li><li>Museum Folkwang: Museumsf\u00fchrer, einige. Fotos, 2014, &nbsp;ISBN 978\u20133\u2013944874\u201309\u20138, 2014<\/li><li>Karl Lagerfeld, Parallele Gegens\u00e4tze, einige Fotos, 2014,&nbsp;<a rel=\"noreferrer noopener\" href=\"https:\/\/steidl.de\/Books\/Parallele-Gegensaetze-1929345056.html\" target=\"_blank\">978\u20133\u201386930\u2013771\u20138<\/a>,<\/li><li>Museum Folkwang: 30 Jahre K\u00fcnstlerf\u00f6rderung der Krupp\u2013Stiftung, Text \u00fcber Marko Lulic, 2013,&nbsp;<a href=\"http:\/\/media-liquid.de\/?page_id=556\">lesen\u2026<\/a><\/li><li>Zeitgespenster \u2013 Erscheinungen des \u00dcbernat\u00fcrlichen in der zeitgen\u00f6ssischen Kunst, einige Fotos, Museum Morsbroich, Leverkusen,&nbsp;<a rel=\"noreferrer noopener\" href=\"http:\/\/www.museum-morsbroich.de\/index.php?id=publikationen&amp;tx_ttnews%5Bpointer%5D=1&amp;cHash=7a7fb5c72bf94b21006e10ff9a3d5558\" target=\"_blank\">ISBN: 978-3-86832-135-7<\/a>, 2012<\/li><li>KUNSTFORUM, u.a. Band 216, einige Fotos, 2012,&nbsp;<a rel=\"noreferrer noopener\" href=\"http:\/\/www.zfl-berlin.org\/publikationen-detail\/items\/gesicht-im-portraet-portraet-ohne-gesicht.html\" target=\"_blank\">ISBN 0177-3674<\/a><\/li><li>Julia Gr\u00f6ning \u201eLosigkeit\u201c, Columbus Art Foundation, Fotografie, 2012, ISBN 978\u20133\u201386895\u2013151\u20136<\/li><li>Produktkatalog <em>Ticayo<\/em>, TicToys, Gestaltung, 2012<\/li><li>Kataloge, Plakate und Magazine f\u00fcr Galerie Roy, Z\u00fclpich, Gestaltung,<\/li><li>Die Kunst des Buchhaltens, Halle 14, Fotografie, 2010<\/li><li>Spinnerei Report 2009, einige Fotos<br><\/li><li>+6 | 2010, Columbus Art Foundation, Fotografie, 2012,&nbsp;<a rel=\"noreferrer noopener\" href=\"http:\/\/www.columbus-artfoundation.de\/caf\/publikation-aktuell.php\" target=\"_blank\">ISBN 978\u20133\u201386895\u2013244\u20135<\/a><br><\/li><li>schr\u00e4gterrain, Columbus Art Foundation, Fotografie, 2010<br>Galerie Cokkie Snoi: Text zur Ausstellung \u201eH\u00e0zibuli\u201c,&nbsp;<a href=\"http:\/\/media-liquid.de\/?page_id=553\">lesen\u2026<\/a><\/li><li>artothek K\u00f6ln: Text zur Ausstellung \u201eHoop\u201c,&nbsp;<a href=\"http:\/\/media-liquid.de\/?page_id=545\">lesen\u2026<\/a><\/li><\/ul>\n\n\n\n<p>weitere Ver\u00f6ffentlichungen Fotografie und Text:<\/p>\n\n\n\n<ul class=\"wp-block-list\"><li>Webseite &amp; Social Media Museum Morsbroich (umfangreich)<\/li><li>Webseite Museum Folkwang (umfangreich)<\/li><li>WAZ<\/li><li>FAZ<\/li><li>SPIEGEL online<\/li><li>Berliner Zeitung<\/li><li>S\u00e4chsische Zeitung (1998-2003)<\/li><li>Das Magazin<\/li><li>&#8230; und viele mehr<\/li><\/ul>\n","protected":false},"excerpt":{"rendered":"<p>Texte \u00fcber NFTs und Digitales Kuratieren in Katalogen von Tim Cierpiszewski, 2022 &#8211; &#8211; &#8211; &#8211; &#8211; &#8211; &#8211; &#8211; &#8211; &#8211; &#8211; &#8211; &#8211;<\/p>\n","protected":false},"author":1,"featured_media":0,"parent":0,"menu_order":0,"comment_status":"closed","ping_status":"closed","template":"","meta":{"footnotes":""},"class_list":["post-1013","page","type-page","status-publish","hentry"],"_links":{"self":[{"href":"https:\/\/media-liquid.de\/index.php?rest_route=\/wp\/v2\/pages\/1013","targetHints":{"allow":["GET"]}}],"collection":[{"href":"https:\/\/media-liquid.de\/index.php?rest_route=\/wp\/v2\/pages"}],"about":[{"href":"https:\/\/media-liquid.de\/index.php?rest_route=\/wp\/v2\/types\/page"}],"author":[{"embeddable":true,"href":"https:\/\/media-liquid.de\/index.php?rest_route=\/wp\/v2\/users\/1"}],"replies":[{"embeddable":true,"href":"https:\/\/media-liquid.de\/index.php?rest_route=%2Fwp%2Fv2%2Fcomments&post=1013"}],"version-history":[{"count":46,"href":"https:\/\/media-liquid.de\/index.php?rest_route=\/wp\/v2\/pages\/1013\/revisions"}],"predecessor-version":[{"id":1577,"href":"https:\/\/media-liquid.de\/index.php?rest_route=\/wp\/v2\/pages\/1013\/revisions\/1577"}],"wp:attachment":[{"href":"https:\/\/media-liquid.de\/index.php?rest_route=%2Fwp%2Fv2%2Fmedia&parent=1013"}],"curies":[{"name":"wp","href":"https:\/\/api.w.org\/{rel}","templated":true}]}}